{"id":48,"date":"2016-08-04T07:17:12","date_gmt":"2016-08-04T07:17:12","guid":{"rendered":"http:\/\/jana-zemke.info\/?page_id=48"},"modified":"2026-04-08T11:27:46","modified_gmt":"2026-04-08T11:27:46","slug":"physiotherapie","status":"publish","type":"page","link":"http:\/\/jana-zemke.info\/?page_id=48","title":{"rendered":"Physiotherapie"},"content":{"rendered":"<h1><strong>Was ist Physiotherapie?<\/strong><\/h1>\n<p><span style=\"font-weight: 400;\">Physiotherapie setzt sich zusammen aus der Krankengymnastik und der physikalischen Therapie. Vordergr\u00fcndig geht es um die Untersuchung und Behandlung k\u00f6rperlicher Beschwerden, zum Beispiel der Muskulatur, B\u00e4nder, Sehnen, Bandscheiben und der Gelenke.<\/span><\/p>\n<p><span style=\"font-weight: 400;\">M\u00f6gliche Ziele der Behandlung sind:<\/span><\/p>\n<ul>\n<li><span style=\"font-weight: 400;\">Schmerzlinderung<\/span><\/li>\n<li><span style=\"font-weight: 400;\">Anregung des Stoffwechsels und der Durchblutung<\/span><\/li>\n<li><span style=\"font-weight: 400;\">Erhalt und Verbesserung der Beweglichkeit<\/span><\/li>\n<li><span style=\"font-weight: 400;\">Erhalt und Verbesserung der Koordination<\/span><\/li>\n<li><span style=\"font-weight: 400;\">Erhalt und Verbesserung der Kraft<\/span><\/li>\n<li><span style=\"font-weight: 400;\">Erhalt und Verbesserung der Ausdauer<\/span><\/li>\n<li><span style=\"font-weight: 400;\">Erlernen von physiologischem Verhalten im Alltag<\/span><\/li>\n<\/ul>\n<p><span style=\"font-weight: 400;\">Ich gehe mit meinem Behandlungsansatz noch weiter, denn ich habe erkannt, dass K\u00f6rper, Seele und Geist eine Einheit darstellen. Gesundheit ist, wenn alle diese Bereiche intakt sind und harmonisch zusammenspielen. <\/span><\/p>\n<p><span style=\"font-size: 19px; font-style: italic; line-height: 1.47368; color: #00ff00;\">\u00a0<\/span><span style=\"color: #339966;\"><span style=\"font-size: 19px; font-style: italic; line-height: 1.47368;\">Somit hat jede k\u00f6rperlich<\/span><span style=\"font-size: 19px; font-style: italic; line-height: 1.47368;\">e Krankheit auch einen seelischen und geistigen Anteil.<\/span><\/span><\/p>\n<p><span style=\"font-weight: 400;\">Schmerzen und Symptome auf der k\u00f6rperlichen Ebene stellen f\u00fcr mich Warnsignale dar, die uns auf etwas aufmerksam machen. Mal ehrlich, wenn in Ihrem Auto die \u00d6llampe leuchtet, w\u00fcrden Sie dann das L\u00e4mpchen zukleben oder entfernen und glauben, Sie h\u00e4tten es repariert?<\/span><\/p>\n<h3>Fragen Sie sich, warum bei Ihnen bestimmte k\u00f6rperliche Symptome immer wiederkehren?<\/h3>\n<ul>\n<li><span style=\"font-weight: 400;\">Warum reihen sich bei mir die Krankheiten aneinander? Kaum ist eine ausgestanden, beginnt etwas anderes zu schmerzen.<\/span><\/li>\n<li><span style=\"font-weight: 400;\">Warum bekomme ich sofort eine Erk\u00e4ltung, wenn jemand neben mir niest? <\/span><\/li>\n<li><span style=\"font-weight: 400;\">Warum gehen meine Kopf- und R\u00fcckenschmerzen nie ganz weg? <\/span><\/li>\n<li><span style=\"font-weight: 400;\">Warum habe ich st\u00e4ndig Verspannungen?<\/span><\/li>\n<\/ul>\n<blockquote><p><span style=\"color: #00ff00;\"><i><span style=\"font-weight: 400;\"><span style=\"color: #339966;\">Die Seele spricht zum K\u00f6rper:<\/span><br \/>\n<\/span><\/i><\/span><\/p>\n<p><span style=\"color: #339966;\">&#8222;Geh&#8216; du voran, auf mich h\u00f6rt er ja nicht.&#8220;<\/span><\/p>\n<p><span style=\"color: #339966;\">Der K\u00f6rper antwortet:\u00a0<\/span><\/p>\n<p><span style=\"color: #339966;\"> \u00a0 \u00a0 \u00a0 \u00a0 \u00a0 &#8222;In Ordnung, ich werde krank, dann hat er Zeit f\u00fcr dich.&#8220;<\/span><\/p>\n<p><i><\/i>Ulrich Schaffler<\/p><\/blockquote>\n<p>&nbsp;<\/p>\n<p><span style=\"font-weight: 400;\">Ich begleite und unterst\u00fctze Sie gerne auf ihrem Weg \u2018ganz gesund\u2019 zu werden.<\/span><\/p>\n<p>&nbsp;<\/p>\n<blockquote><p><i><span style=\"font-weight: 400;\"><span style=\"color: #339966;\">\u201cDas ist der gr\u00f6\u00dfte Fehler bei der Behandlung von Krankheiten, dass es einen Arzt f\u00fcr den K\u00f6rper und \u00c4rzte f\u00fcr die Seele gibt, wo beides doch nicht getrennt werden kann.\u201d \u00a0 \u00a0 \u00a0 \u00a0 \u00a0 \u00a0 \u00a0<\/span>\u00a0 \u00a0 \u00a0 \u00a0 \u00a0 \u00a0 \u00a0 \u00a0 \u00a0 \u00a0 \u00a0 \u00a0 \u00a0 \u00a0 \u00a0 \u00a0 \u00a0 \u00a0 \u00a0 \u00a0 \u00a0 \u00a0 \u00a0 \u00a0 \u00a0 \u00a0 \u00a0 \u00a0 \u00a0 \u00a0 \u00a0<\/span><\/i><br \/>\nPlaton<\/p><\/blockquote>\n<p>&nbsp;<\/p>\n<p>&nbsp;<\/p>\n<p>M\u00f6chten Sie ihren K\u00f6rper wieder sp\u00fcren lernen?<\/p>\n<p>Ihn wahrnehmen?<\/p>\n<p>Ihn annehmen, wie er ist?<\/p>\n<p>Und achtsam mit ihm umgehen?<\/p>\n<p>Sie werden zum Experten f\u00fcr ihren eigenen K\u00f6rper, k\u00f6nnen Verantwortung f\u00fcr ihn \u00fcbernehmen und sich bewusst f\u00fcr Ver\u00e4nderungen entscheiden!<\/p>\n<p>&nbsp;<\/p>\n<p><span style=\"font-weight: 400;\">Termine nach Absprache<\/span><\/p>\n<p><span style=\"font-weight: 400;\">Kosten: 20 Minuten 35,00\u20ac<\/span><\/p>\n","protected":false},"excerpt":{"rendered":"<p>Was ist Physiotherapie? Physiotherapie setzt sich zusammen aus der Krankengymnastik und der physikalischen Therapie. Vordergr\u00fcndig geht es um die Untersuchung und Behandlung k\u00f6rperlicher Beschwerden, zum Beispiel der Muskulatur, B\u00e4nder, Sehnen, Bandscheiben und der Gelenke. M\u00f6gliche Ziele der Behandlung sind: Schmerzlinderung Anregung des Stoffwechsels und der Durchblutung Erhalt und Verbesserung der Beweglichkeit Erhalt und Verbesserung der &hellip; <a href=\"http:\/\/jana-zemke.info\/?page_id=48\" class=\"more-link\"><span class=\"screen-reader-text\">\u201ePhysiotherapie\u201c <\/span>weiterlesen<\/a><\/p>\n","protected":false},"author":2,"featured_media":0,"parent":0,"menu_order":0,"comment_status":"closed","ping_status":"closed","template":"","meta":{"footnotes":""},"class_list":["post-48","page","type-page","status-publish","hentry"],"_links":{"self":[{"href":"http:\/\/jana-zemke.info\/index.php?rest_route=\/wp\/v2\/pages\/48","targetHints":{"allow":["GET"]}}],"collection":[{"href":"http:\/\/jana-zemke.info\/index.php?rest_route=\/wp\/v2\/pages"}],"about":[{"href":"http:\/\/jana-zemke.info\/index.php?rest_route=\/wp\/v2\/types\/page"}],"author":[{"embeddable":true,"href":"http:\/\/jana-zemke.info\/index.php?rest_route=\/wp\/v2\/users\/2"}],"replies":[{"embeddable":true,"href":"http:\/\/jana-zemke.info\/index.php?rest_route=%2Fwp%2Fv2%2Fcomments&post=48"}],"version-history":[{"count":10,"href":"http:\/\/jana-zemke.info\/index.php?rest_route=\/wp\/v2\/pages\/48\/revisions"}],"predecessor-version":[{"id":354,"href":"http:\/\/jana-zemke.info\/index.php?rest_route=\/wp\/v2\/pages\/48\/revisions\/354"}],"wp:attachment":[{"href":"http:\/\/jana-zemke.info\/index.php?rest_route=%2Fwp%2Fv2%2Fmedia&parent=48"}],"curies":[{"name":"wp","href":"https:\/\/api.w.org\/{rel}","templated":true}]}}